{"id":373,"date":"2020-08-19T11:25:10","date_gmt":"2020-08-19T09:25:10","guid":{"rendered":"http:\/\/www.revelateur-de-talents.fr\/?page_id=373"},"modified":"2025-01-02T15:14:17","modified_gmt":"2025-01-02T14:14:17","slug":"bilan-dorientation","status":"publish","type":"page","link":"https:\/\/www.revelateur-de-talents.fr\/index.php\/bilan-dorientation\/","title":{"rendered":"Bilan d&rsquo;orientation"},"content":{"rendered":"<p>[et_pb_section fb_built=\u00a0\u00bb1&Prime; prev_background_color=\u00a0\u00bb#ffffff\u00a0\u00bb next_background_color=\u00a0\u00bb#ffffff\u00a0\u00bb admin_label=\u00a0\u00bbDescription\u00a0\u00bb _builder_version=\u00a0\u00bb4.16&Prime; _module_preset=\u00a0\u00bbdefault\u00a0\u00bb background_color=\u00a0\u00bb#cce7f9&Prime; min_height=\u00a0\u00bb292px\u00a0\u00bb min_height_tablet=\u00a0\u00bb268px\u00a0\u00bb min_height_phone=\u00a0\u00bb348px\u00a0\u00bb min_height_last_edited=\u00a0\u00bbon|phone\u00a0\u00bb custom_margin=\u00a0\u00bb15px||||false|false\u00a0\u00bb custom_padding=\u00a0\u00bb||0px||false|false\u00a0\u00bb top_divider_style=\u00a0\u00bbwave\u00a0\u00bb top_divider_height_tablet=\u00a0\u00bb\u00a0\u00bb top_divider_height_phone=\u00a0\u00bb70px\u00a0\u00bb top_divider_height_last_edited=\u00a0\u00bbon|phone\u00a0\u00bb bottom_divider_style=\u00a0\u00bbwave2&Prime; bottom_divider_height_tablet=\u00a0\u00bb\u00a0\u00bb bottom_divider_height_phone=\u00a0\u00bb50px\u00a0\u00bb bottom_divider_height_last_edited=\u00a0\u00bbon|phone\u00a0\u00bb da_disable_devices=\u00a0\u00bboff|off|off\u00a0\u00bb global_colors_info=\u00a0\u00bb{}\u00a0\u00bb da_is_popup=\u00a0\u00bboff\u00a0\u00bb da_exit_intent=\u00a0\u00bboff\u00a0\u00bb da_has_close=\u00a0\u00bbon\u00a0\u00bb da_alt_close=\u00a0\u00bboff\u00a0\u00bb da_dark_close=\u00a0\u00bboff\u00a0\u00bb da_not_modal=\u00a0\u00bbon\u00a0\u00bb da_is_singular=\u00a0\u00bboff\u00a0\u00bb da_with_loader=\u00a0\u00bboff\u00a0\u00bb da_has_shadow=\u00a0\u00bbon\u00a0\u00bb][et_pb_row _builder_version=\u00a0\u00bb4.16&Prime; _module_preset=\u00a0\u00bbdefault\u00a0\u00bb min_height=\u00a0\u00bb314px\u00a0\u00bb min_height_tablet=\u00a0\u00bb\u00a0\u00bb min_height_phone=\u00a0\u00bb\u00a0\u00bb min_height_last_edited=\u00a0\u00bbon|desktop\u00a0\u00bb custom_padding=\u00a0\u00bb||97px|||\u00a0\u00bb global_colors_info=\u00a0\u00bb{}\u00a0\u00bb][et_pb_column type=\u00a0\u00bb4_4&Prime; _builder_version=\u00a0\u00bb4.16&Prime; _module_preset=\u00a0\u00bbdefault\u00a0\u00bb global_colors_info=\u00a0\u00bb{}\u00a0\u00bb][et_pb_image src=\u00a0\u00bbhttps:\/\/www.revelateur-de-talents.fr\/wp-content\/uploads\/2020\/08\/scooter-rose.jpg\u00a0\u00bb alt=\u00a0\u00bbBilan d&rsquo;orientation\u00a0\u00bb title_text=\u00a0\u00bbscooter-rose\u00a0\u00bb align=\u00a0\u00bbcenter\u00a0\u00bb show_bottom_space_tablet=\u00a0\u00bb\u00a0\u00bb show_bottom_space_phone=\u00a0\u00bbon\u00a0\u00bb show_bottom_space_last_edited=\u00a0\u00bbon|desktop\u00a0\u00bb _builder_version=\u00a0\u00bb4.16&Prime; _module_preset=\u00a0\u00bbdefault\u00a0\u00bb width=\u00a0\u00bb180px\u00a0\u00bb width_tablet=\u00a0\u00bb150px\u00a0\u00bb width_phone=\u00a0\u00bb40%\u00a0\u00bb width_last_edited=\u00a0\u00bbon|phone\u00a0\u00bb custom_margin=\u00a0\u00bb|2%|2%||false|false\u00a0\u00bb custom_margin_tablet=\u00a0\u00bb|2%|||false|false\u00a0\u00bb custom_margin_phone=\u00a0\u00bb|2%|||false|false\u00a0\u00bb custom_margin_last_edited=\u00a0\u00bbon|phone\u00a0\u00bb custom_padding=\u00a0\u00bb||||false|false\u00a0\u00bb animation_style=\u00a0\u00bbzoom\u00a0\u00bb animation_duration=\u00a0\u00bb1200ms\u00a0\u00bb custom_css_main_element=\u00a0\u00bbfloat:left;||\u00a0\u00bb global_colors_info=\u00a0\u00bb{}\u00a0\u00bb][\/et_pb_image][et_pb_text _builder_version=\u00a0\u00bb4.16&Prime; _module_preset=\u00a0\u00bbdefault\u00a0\u00bb text_text_color=\u00a0\u00bb#666666&Prime; ul_font_size=\u00a0\u00bb17px\u00a0\u00bb header_2_letter_spacing=\u00a0\u00bb1px\u00a0\u00bb header_2_line_height=\u00a0\u00bb1.1em\u00a0\u00bb custom_margin=\u00a0\u00bb||20px|||\u00a0\u00bb custom_padding=\u00a0\u00bb||29px|0px||\u00a0\u00bb text_font_size_tablet=\u00a0\u00bb14px\u00a0\u00bb text_font_size_phone=\u00a0\u00bb\u00a0\u00bb text_font_size_last_edited=\u00a0\u00bbon|phone\u00a0\u00bb ul_font_size_tablet=\u00a0\u00bb14px\u00a0\u00bb ul_font_size_phone=\u00a0\u00bb\u00a0\u00bb ul_font_size_last_edited=\u00a0\u00bbon|desktop\u00a0\u00bb header_font_size_tablet=\u00a0\u00bb\u00a0\u00bb header_font_size_phone=\u00a0\u00bb20px\u00a0\u00bb header_font_size_last_edited=\u00a0\u00bbon|phone\u00a0\u00bb header_2_font_size_tablet=\u00a0\u00bb\u00a0\u00bb header_2_font_size_phone=\u00a0\u00bb19px\u00a0\u00bb header_2_font_size_last_edited=\u00a0\u00bbon|phone\u00a0\u00bb header_2_line_height_tablet=\u00a0\u00bb\u00a0\u00bb header_2_line_height_phone=\u00a0\u00bb\u00a0\u00bb header_2_line_height_last_edited=\u00a0\u00bbon|tablet\u00a0\u00bb global_colors_info=\u00a0\u00bb{}\u00a0\u00bb]<\/p>\n<h1>LE BILAN D&rsquo;ORIENTATION<\/h1>\n<p style=\"text-align: justify;\">Le <strong>bilan d\u2019orientation<\/strong> est un accompagnement personnalis\u00e9 qui permet au jeune de travailler sur lui gr\u00e2ce \u00e0 diff\u00e9rents outils (tests, questionnaires, entretiens, etc.) et \u00e0 une m\u00e9thodologie bien rod\u00e9e afin qu\u2019il puisse b\u00e2tir son projet, choisir son orientation sur des bases solides, \u00e9clairantes et motivantes.<\/p>\n<p>[\/et_pb_text][\/et_pb_column][\/et_pb_row][\/et_pb_section][et_pb_section fb_built=\u00a0\u00bb1&Prime; _builder_version=\u00a0\u00bb4.16&Prime; _module_preset=\u00a0\u00bbdefault\u00a0\u00bb custom_padding=\u00a0\u00bb0px||0px|||\u00a0\u00bb da_disable_devices=\u00a0\u00bboff|off|off\u00a0\u00bb global_colors_info=\u00a0\u00bb{}\u00a0\u00bb da_is_popup=\u00a0\u00bboff\u00a0\u00bb da_exit_intent=\u00a0\u00bboff\u00a0\u00bb da_has_close=\u00a0\u00bbon\u00a0\u00bb da_alt_close=\u00a0\u00bboff\u00a0\u00bb da_dark_close=\u00a0\u00bboff\u00a0\u00bb da_not_modal=\u00a0\u00bbon\u00a0\u00bb da_is_singular=\u00a0\u00bboff\u00a0\u00bb da_with_loader=\u00a0\u00bboff\u00a0\u00bb da_has_shadow=\u00a0\u00bbon\u00a0\u00bb][et_pb_row admin_label=\u00a0\u00bbLigne\u00a0\u00bb _builder_version=\u00a0\u00bb4.16&Prime; _module_preset=\u00a0\u00bbdefault\u00a0\u00bb background_color=\u00a0\u00bbrgba(0,0,0,0)\u00a0\u00bb custom_margin=\u00a0\u00bb-9px|auto|-5px|auto|false|false\u00a0\u00bb custom_padding=\u00a0\u00bb||0px|||\u00a0\u00bb global_colors_info=\u00a0\u00bb{}\u00a0\u00bb][et_pb_column type=\u00a0\u00bb4_4&Prime; _builder_version=\u00a0\u00bb4.16&Prime; _module_preset=\u00a0\u00bbdefault\u00a0\u00bb global_colors_info=\u00a0\u00bb{}\u00a0\u00bb][et_pb_image src=\u00a0\u00bbhttps:\/\/www.revelateur-de-talents.fr\/wp-content\/uploads\/2020\/08\/orientation-2.jpg\u00a0\u00bb alt=\u00a0\u00bbBilan d&rsquo;orientation\u00a0\u00bb title_text=\u00a0\u00bborientation-2&Prime; align=\u00a0\u00bbcenter\u00a0\u00bb _builder_version=\u00a0\u00bb4.16&Prime; _module_preset=\u00a0\u00bbdefault\u00a0\u00bb transform_scale_tablet=\u00a0\u00bb\u00a0\u00bb transform_scale_phone=\u00a0\u00bb\u00a0\u00bb transform_scale_last_edited=\u00a0\u00bbon|desktop\u00a0\u00bb transform_translate_tablet=\u00a0\u00bb0px|0px\u00a0\u00bb transform_translate_phone=\u00a0\u00bb\u00a0\u00bb transform_translate_last_edited=\u00a0\u00bbon|desktop\u00a0\u00bb transform_translate_linked=\u00a0\u00bboff\u00a0\u00bb transform_rotate_tablet=\u00a0\u00bb\u00a0\u00bb transform_rotate_phone=\u00a0\u00bb\u00a0\u00bb transform_rotate_last_edited=\u00a0\u00bbon|desktop\u00a0\u00bb transform_skew_tablet=\u00a0\u00bb\u00a0\u00bb transform_skew_phone=\u00a0\u00bb\u00a0\u00bb transform_skew_last_edited=\u00a0\u00bbon|desktop\u00a0\u00bb transform_origin_tablet=\u00a0\u00bb\u00a0\u00bb transform_origin_phone=\u00a0\u00bb\u00a0\u00bb transform_origin_last_edited=\u00a0\u00bbon|desktop\u00a0\u00bb transform_styles_last_edited=\u00a0\u00bbon|desktop\u00a0\u00bb width=\u00a0\u00bb250px\u00a0\u00bb width_tablet=\u00a0\u00bb34%\u00a0\u00bb width_phone=\u00a0\u00bb52%\u00a0\u00bb width_last_edited=\u00a0\u00bbon|phone\u00a0\u00bb custom_margin=\u00a0\u00bb2%||2%|2%|false|false\u00a0\u00bb custom_margin_tablet=\u00a0\u00bb|3%|||false|false\u00a0\u00bb custom_margin_phone=\u00a0\u00bb|||2%|false|false\u00a0\u00bb custom_margin_last_edited=\u00a0\u00bbon|tablet\u00a0\u00bb animation_style=\u00a0\u00bbslide\u00a0\u00bb animation_direction=\u00a0\u00bbright\u00a0\u00bb transform_styles_tablet=\u00a0\u00bb\u00a0\u00bb transform_styles_phone=\u00a0\u00bb\u00a0\u00bb custom_css_main_element=\u00a0\u00bbfloat: right;\u00a0\u00bb global_colors_info=\u00a0\u00bb{}\u00a0\u00bb][\/et_pb_image][et_pb_text _builder_version=\u00a0\u00bb4.16&Prime; _module_preset=\u00a0\u00bbdefault\u00a0\u00bb text_text_color=\u00a0\u00bb#666666&Prime; ul_font_size=\u00a0\u00bb17px\u00a0\u00bb custom_margin=\u00a0\u00bb7px||||false|false\u00a0\u00bb custom_margin_tablet=\u00a0\u00bb9px||||false|false\u00a0\u00bb custom_margin_phone=\u00a0\u00bb\u00a0\u00bb custom_margin_last_edited=\u00a0\u00bbon|tablet\u00a0\u00bb custom_padding=\u00a0\u00bb||||false|false\u00a0\u00bb text_font_size_tablet=\u00a0\u00bb14px\u00a0\u00bb text_font_size_phone=\u00a0\u00bb\u00a0\u00bb text_font_size_last_edited=\u00a0\u00bbon|phone\u00a0\u00bb ul_font_size_tablet=\u00a0\u00bb14px\u00a0\u00bb ul_font_size_phone=\u00a0\u00bb\u00a0\u00bb ul_font_size_last_edited=\u00a0\u00bbon|desktop\u00a0\u00bb header_2_font_size_tablet=\u00a0\u00bb\u00a0\u00bb header_2_font_size_phone=\u00a0\u00bb23px\u00a0\u00bb header_2_font_size_last_edited=\u00a0\u00bbon|phone\u00a0\u00bb global_colors_info=\u00a0\u00bb{}\u00a0\u00bb content__hover_enabled=\u00a0\u00bboff|desktop\u00a0\u00bb]<\/p>\n<h2 style=\"text-align: justify;\">POUR QUI ?<\/h2>\n<ul>\n<li style=\"text-align: justify;\">Coll\u00e9giens<\/li>\n<li style=\"text-align: justify;\">Lyc\u00e9ens<\/li>\n<li style=\"text-align: justify;\">Etudiants<\/li>\n<li style=\"text-align: justify;\">Jeunes en r\u00e9orientation<\/li>\n<\/ul>\n<p style=\"text-align: justify;\">Le <strong>bilan d\u2019orientation<\/strong> s\u2019adresse aux Coll\u00e9giens, Lyc\u00e9ens, Etudiants, \u00e2g\u00e9s de 15 \u00e0 25 ans, qui sont en pleine interrogation vis-\u00e0-vis d\u2019un choix d\u2019\u00e9tudes, d&rsquo;une formation, d&rsquo;un futur m\u00e9tier et qui ont besoin de donner du sens \u00e0 leur devenir. Il s\u2019adapte \u00e9galement \u00e0 ceux qui se sont tromp\u00e9s de voie et qui souhaitent se r\u00e9orienter, changer de cap et se poser pour mener \u00e0 bien une r\u00e9flexion solide.<\/p>\n<p>[\/et_pb_text][\/et_pb_column][\/et_pb_row][\/et_pb_section][et_pb_section fb_built=\u00a0\u00bb1&Prime; prev_background_color=\u00a0\u00bb#ffffff\u00a0\u00bb next_background_color=\u00a0\u00bb#ffffff\u00a0\u00bb admin_label=\u00a0\u00bbSection Mission\u00a0\u00bb _builder_version=\u00a0\u00bb4.16&Prime; _module_preset=\u00a0\u00bbdefault\u00a0\u00bb background_color=\u00a0\u00bb#cce7f9&Prime; custom_padding=\u00a0\u00bb61px||61px||true|false\u00a0\u00bb top_divider_style=\u00a0\u00bbwave\u00a0\u00bb top_divider_height_tablet=\u00a0\u00bb\u00a0\u00bb top_divider_height_phone=\u00a0\u00bb70px\u00a0\u00bb top_divider_height_last_edited=\u00a0\u00bbon|phone\u00a0\u00bb bottom_divider_style=\u00a0\u00bbwave2&Prime; bottom_divider_height_tablet=\u00a0\u00bb\u00a0\u00bb bottom_divider_height_phone=\u00a0\u00bb50px\u00a0\u00bb bottom_divider_height_last_edited=\u00a0\u00bbon|phone\u00a0\u00bb da_disable_devices=\u00a0\u00bboff|off|off\u00a0\u00bb global_colors_info=\u00a0\u00bb{}\u00a0\u00bb da_is_popup=\u00a0\u00bboff\u00a0\u00bb da_exit_intent=\u00a0\u00bboff\u00a0\u00bb da_has_close=\u00a0\u00bbon\u00a0\u00bb da_alt_close=\u00a0\u00bboff\u00a0\u00bb da_dark_close=\u00a0\u00bboff\u00a0\u00bb da_not_modal=\u00a0\u00bbon\u00a0\u00bb da_is_singular=\u00a0\u00bboff\u00a0\u00bb da_with_loader=\u00a0\u00bboff\u00a0\u00bb da_has_shadow=\u00a0\u00bbon\u00a0\u00bb][et_pb_row _builder_version=\u00a0\u00bb4.16&Prime; _module_preset=\u00a0\u00bbdefault\u00a0\u00bb custom_padding=\u00a0\u00bb||||false|false\u00a0\u00bb global_colors_info=\u00a0\u00bb{}\u00a0\u00bb][et_pb_column type=\u00a0\u00bb4_4&Prime; _builder_version=\u00a0\u00bb4.16&Prime; _module_preset=\u00a0\u00bbdefault\u00a0\u00bb global_colors_info=\u00a0\u00bb{}\u00a0\u00bb][et_pb_image src=\u00a0\u00bbhttps:\/\/www.revelateur-de-talents.fr\/wp-content\/uploads\/2020\/08\/saut-ados-1.jpg\u00a0\u00bb alt=\u00a0\u00bbBilan d&rsquo;orientation\u00a0\u00bb title_text=\u00a0\u00bbsaut-ados\u00a0\u00bb align=\u00a0\u00bbright\u00a0\u00bb src_last_edited=\u00a0\u00bboff|desktop\u00a0\u00bb _builder_version=\u00a0\u00bb4.16&Prime; _module_preset=\u00a0\u00bbdefault\u00a0\u00bb background_color=\u00a0\u00bbrgba(0,0,0,0)\u00a0\u00bb transform_translate_linked=\u00a0\u00bboff\u00a0\u00bb z_index=\u00a0\u00bb100&Prime; width_phone=\u00a0\u00bb30%\u00a0\u00bb width_last_edited=\u00a0\u00bboff|desktop\u00a0\u00bb max_width_last_edited=\u00a0\u00bboff|desktop\u00a0\u00bb height=\u00a0\u00bb183px\u00a0\u00bb height_tablet=\u00a0\u00bb164px\u00a0\u00bb height_phone=\u00a0\u00bb120px\u00a0\u00bb height_last_edited=\u00a0\u00bbon|phone\u00a0\u00bb custom_margin=\u00a0\u00bb||-3px|2%|false|false\u00a0\u00bb custom_margin_tablet=\u00a0\u00bb||||false|false\u00a0\u00bb custom_margin_phone=\u00a0\u00bb||||false|false\u00a0\u00bb custom_margin_last_edited=\u00a0\u00bboff|phone\u00a0\u00bb custom_padding=\u00a0\u00bb||||false|false\u00a0\u00bb animation_style=\u00a0\u00bbslide\u00a0\u00bb animation_direction=\u00a0\u00bbright\u00a0\u00bb custom_css_main_element=\u00a0\u00bbfloat: right;||||\u00a0\u00bb global_colors_info=\u00a0\u00bb{}\u00a0\u00bb src__hover_enabled=\u00a0\u00bboff|hover\u00a0\u00bb][\/et_pb_image][et_pb_text _builder_version=\u00a0\u00bb4.16&Prime; _module_preset=\u00a0\u00bbdefault\u00a0\u00bb text_text_color=\u00a0\u00bb#666666&Prime; ul_font_size=\u00a0\u00bb17px\u00a0\u00bb min_height=\u00a0\u00bb37px\u00a0\u00bb custom_margin=\u00a0\u00bb||||false|false\u00a0\u00bb text_font_size_tablet=\u00a0\u00bb14px\u00a0\u00bb text_font_size_phone=\u00a0\u00bb\u00a0\u00bb text_font_size_last_edited=\u00a0\u00bbon|phone\u00a0\u00bb ul_font_size_tablet=\u00a0\u00bb14px\u00a0\u00bb ul_font_size_phone=\u00a0\u00bb\u00a0\u00bb ul_font_size_last_edited=\u00a0\u00bbon|desktop\u00a0\u00bb header_2_font_size_tablet=\u00a0\u00bb\u00a0\u00bb header_2_font_size_phone=\u00a0\u00bb21px\u00a0\u00bb header_2_font_size_last_edited=\u00a0\u00bbon|desktop\u00a0\u00bb global_colors_info=\u00a0\u00bb{}\u00a0\u00bb]<\/p>\n<h2 style=\"text-align: justify;\">QUELS OBJECTIFS ?<\/h2>\n<p>[\/et_pb_text][et_pb_text content_tablet=\u00a0\u00bb<\/p>\n<ul>\n<li>Construire son propre projet, en fonction de ses centres d\u2019int\u00e9r\u00eat, de ses comp\u00e9tences, de ses talents<\/li>\n<li>D\u00e9couvrir ses propres ressources : bien se conna\u00eetre est la premi\u00e8re \u00e9tape indispensable et fondatrice pour prendre les bonnes d\u00e9cisions<\/li>\n<li>Enrichir sa r\u00e9flexion<\/li>\n<li>Se projeter dans l\u2019avenir<\/li>\n<li>Trouver des r\u00e9ponses \u00e0 ses questions :<\/li>\n<ul span=%22%22 style=%22list-style-type: circle; padding-left: 20px;%22>\n<li style=%22text-align: justify;%22>Quel m\u00e9tier ?<\/li>\n<li style=%22text-align: justify;%22>Quelle \u00e9cole ?<\/li>\n<li style=%22text-align: justify;%22>Quelle fili\u00e8re ?<\/li>\n<\/ul>\n<\/ul>\n<p> \u00a0\u00bb content_last_edited=\u00a0\u00bboff|desktop\u00a0\u00bb _builder_version=\u00a0\u00bb4.16&Prime; _module_preset=\u00a0\u00bbdefault\u00a0\u00bb text_text_color=\u00a0\u00bb#666666&Prime; ul_font_size=\u00a0\u00bb17px\u00a0\u00bb height_tablet=\u00a0\u00bb\u00a0\u00bb height_phone=\u00a0\u00bb\u00a0\u00bb height_last_edited=\u00a0\u00bbon|phone\u00a0\u00bb custom_margin=\u00a0\u00bb-25px||||false|false\u00a0\u00bb custom_padding=\u00a0\u00bb||0px|||\u00a0\u00bb text_font_size_tablet=\u00a0\u00bb14px\u00a0\u00bb text_font_size_phone=\u00a0\u00bb\u00a0\u00bb text_font_size_last_edited=\u00a0\u00bbon|phone\u00a0\u00bb ul_font_size_tablet=\u00a0\u00bb14px\u00a0\u00bb ul_font_size_phone=\u00a0\u00bb\u00a0\u00bb ul_font_size_last_edited=\u00a0\u00bbon|desktop\u00a0\u00bb global_colors_info=\u00a0\u00bb{}\u00a0\u00bb]<\/p>\n<ul>\n<li>Construire son propre projet, en fonction de ses centres d\u2019int\u00e9r\u00eat, de ses comp\u00e9tences, de ses talents<\/li>\n<li>D\u00e9couvrir ses propres ressources : bien se conna\u00eetre est la premi\u00e8re \u00e9tape indispensable et fondatrice pour prendre les bonnes d\u00e9cisions<\/li>\n<li>Enrichir sa r\u00e9flexion<\/li>\n<li>Se projeter dans l\u2019avenir<\/li>\n<li>Trouver des r\u00e9ponses \u00e0 ses questions :<\/li>\n<\/ul>\n<p>[\/et_pb_text][et_pb_text ul_item_indent=\u00a0\u00bb30px\u00a0\u00bb _builder_version=\u00a0\u00bb4.16&Prime; _module_preset=\u00a0\u00bbdefault\u00a0\u00bb text_text_color=\u00a0\u00bb#666666&Prime; ul_font_size=\u00a0\u00bb17px\u00a0\u00bb custom_margin=\u00a0\u00bb-39px||||false|false\u00a0\u00bb text_font_size_tablet=\u00a0\u00bb14px\u00a0\u00bb text_font_size_phone=\u00a0\u00bb\u00a0\u00bb text_font_size_last_edited=\u00a0\u00bbon|phone\u00a0\u00bb ul_font_size_tablet=\u00a0\u00bb14px\u00a0\u00bb ul_font_size_phone=\u00a0\u00bb\u00a0\u00bb ul_font_size_last_edited=\u00a0\u00bbon|desktop\u00a0\u00bb global_colors_info=\u00a0\u00bb{}\u00a0\u00bb]<\/p>\n<ul span=\"\" style=\"list-style-type: circle;\">\n<li style=\"text-align: justify;\">Quel m\u00e9tier ?<\/li>\n<li style=\"text-align: justify;\">Quelle \u00e9cole ?<\/li>\n<li style=\"text-align: justify;\">Quelle fili\u00e8re ?<\/li>\n<li style=\"text-align: justify;\">Quel avenir ?<\/li>\n<li style=\"text-align: justify;\">Quelle formation ?<\/li>\n<\/ul>\n<p>[\/et_pb_text][\/et_pb_column][\/et_pb_row][\/et_pb_section][et_pb_section fb_built=\u00a0\u00bb1&Prime; admin_label=\u00a0\u00bbSection Pourquoi\u00a0\u00bb _builder_version=\u00a0\u00bb4.16&Prime; _module_preset=\u00a0\u00bbdefault\u00a0\u00bb custom_padding=\u00a0\u00bb0px||0px|||\u00a0\u00bb da_disable_devices=\u00a0\u00bboff|off|off\u00a0\u00bb global_colors_info=\u00a0\u00bb{}\u00a0\u00bb da_is_popup=\u00a0\u00bboff\u00a0\u00bb da_exit_intent=\u00a0\u00bboff\u00a0\u00bb da_has_close=\u00a0\u00bbon\u00a0\u00bb da_alt_close=\u00a0\u00bboff\u00a0\u00bb da_dark_close=\u00a0\u00bboff\u00a0\u00bb da_not_modal=\u00a0\u00bbon\u00a0\u00bb da_is_singular=\u00a0\u00bboff\u00a0\u00bb da_with_loader=\u00a0\u00bboff\u00a0\u00bb da_has_shadow=\u00a0\u00bbon\u00a0\u00bb][et_pb_row _builder_version=\u00a0\u00bb4.16&Prime; _module_preset=\u00a0\u00bbdefault\u00a0\u00bb custom_padding=\u00a0\u00bb0px|||||\u00a0\u00bb global_colors_info=\u00a0\u00bb{}\u00a0\u00bb][et_pb_column type=\u00a0\u00bb4_4&Prime; _builder_version=\u00a0\u00bb4.16&Prime; _module_preset=\u00a0\u00bbdefault\u00a0\u00bb global_colors_info=\u00a0\u00bb{}\u00a0\u00bb][et_pb_image src=\u00a0\u00bbhttps:\/\/www.revelateur-de-talents.fr\/wp-content\/uploads\/2020\/08\/panneaux-direction.jpg\u00a0\u00bb alt=\u00a0\u00bbBilan d&rsquo;orientation\u00a0\u00bb title_text=\u00a0\u00bbpanneaux-direction\u00a0\u00bb align=\u00a0\u00bbcenter\u00a0\u00bb _builder_version=\u00a0\u00bb4.16&Prime; _module_preset=\u00a0\u00bbdefault\u00a0\u00bb width=\u00a0\u00bb250px\u00a0\u00bb width_tablet=\u00a0\u00bb29%\u00a0\u00bb width_phone=\u00a0\u00bb35%\u00a0\u00bb width_last_edited=\u00a0\u00bbon|phone\u00a0\u00bb custom_margin=\u00a0\u00bb|4%|2%||false|false\u00a0\u00bb custom_margin_tablet=\u00a0\u00bb15px|5%|||false|false\u00a0\u00bb custom_margin_phone=\u00a0\u00bb0%|6%|||false|false\u00a0\u00bb custom_margin_last_edited=\u00a0\u00bbon|phone\u00a0\u00bb animation_style=\u00a0\u00bbzoom\u00a0\u00bb animation_direction=\u00a0\u00bbbottom\u00a0\u00bb animation_duration=\u00a0\u00bb1200ms\u00a0\u00bb custom_css_main_element=\u00a0\u00bbfloat: left;\u00a0\u00bb global_colors_info=\u00a0\u00bb{}\u00a0\u00bb][\/et_pb_image][et_pb_text _builder_version=\u00a0\u00bb4.16&Prime; _module_preset=\u00a0\u00bbdefault\u00a0\u00bb text_text_color=\u00a0\u00bb#666666&Prime; ul_font_size=\u00a0\u00bb17px\u00a0\u00bb text_font_size_tablet=\u00a0\u00bb14px\u00a0\u00bb text_font_size_phone=\u00a0\u00bb\u00a0\u00bb text_font_size_last_edited=\u00a0\u00bbon|phone\u00a0\u00bb ul_font_size_tablet=\u00a0\u00bb14px\u00a0\u00bb ul_font_size_phone=\u00a0\u00bb\u00a0\u00bb ul_font_size_last_edited=\u00a0\u00bbon|desktop\u00a0\u00bb global_colors_info=\u00a0\u00bb{}\u00a0\u00bb]<\/p>\n<h2>QUELS OUTILS ?<\/h2>\n<ul>\n<li>Explorama<\/li>\n<li>Inventaire des int\u00e9r\u00eats Strong<\/li>\n<li>Arbre \u00e0 projets<\/li>\n<li>Tests et questionnaires<\/li>\n<li>Exercices pratiques et ludiques<\/li>\n<\/ul>\n<p style=\"text-align: justify;\">[\/et_pb_text][\/et_pb_column][\/et_pb_row][\/et_pb_section][et_pb_section fb_built=\u00a0\u00bb1&Prime; prev_background_color=\u00a0\u00bb#ffffff\u00a0\u00bb next_background_color=\u00a0\u00bb#ffffff\u00a0\u00bb admin_label=\u00a0\u00bbSection Moyens\u00a0\u00bb _builder_version=\u00a0\u00bb4.16&Prime; _module_preset=\u00a0\u00bbdefault\u00a0\u00bb background_color=\u00a0\u00bb#cce7f9&Prime; custom_padding=\u00a0\u00bb43px||56px||false|false\u00a0\u00bb top_divider_style=\u00a0\u00bbwave\u00a0\u00bb top_divider_height_tablet=\u00a0\u00bb\u00a0\u00bb top_divider_height_phone=\u00a0\u00bb70px\u00a0\u00bb top_divider_height_last_edited=\u00a0\u00bbon|phone\u00a0\u00bb bottom_divider_style=\u00a0\u00bbwave2&Prime; bottom_divider_height_tablet=\u00a0\u00bb\u00a0\u00bb bottom_divider_height_phone=\u00a0\u00bb50px\u00a0\u00bb bottom_divider_height_last_edited=\u00a0\u00bbon|phone\u00a0\u00bb da_disable_devices=\u00a0\u00bboff|off|off\u00a0\u00bb global_colors_info=\u00a0\u00bb{}\u00a0\u00bb da_is_popup=\u00a0\u00bboff\u00a0\u00bb da_exit_intent=\u00a0\u00bboff\u00a0\u00bb da_has_close=\u00a0\u00bbon\u00a0\u00bb da_alt_close=\u00a0\u00bboff\u00a0\u00bb da_dark_close=\u00a0\u00bboff\u00a0\u00bb da_not_modal=\u00a0\u00bbon\u00a0\u00bb da_is_singular=\u00a0\u00bboff\u00a0\u00bb da_with_loader=\u00a0\u00bboff\u00a0\u00bb da_has_shadow=\u00a0\u00bbon\u00a0\u00bb][et_pb_row _builder_version=\u00a0\u00bb4.16&Prime; _module_preset=\u00a0\u00bbdefault\u00a0\u00bb custom_padding=\u00a0\u00bb||||false|false\u00a0\u00bb global_colors_info=\u00a0\u00bb{}\u00a0\u00bb][et_pb_column type=\u00a0\u00bb4_4&Prime; _builder_version=\u00a0\u00bb4.16&Prime; _module_preset=\u00a0\u00bbdefault\u00a0\u00bb global_colors_info=\u00a0\u00bb{}\u00a0\u00bb][et_pb_image src=\u00a0\u00bbhttps:\/\/www.revelateur-de-talents.fr\/wp-content\/uploads\/2020\/08\/fille-ecouteurs.jpg\u00a0\u00bb alt=\u00a0\u00bbBilan d&rsquo;orientation\u00a0\u00bb title_text=\u00a0\u00bbfille-ecouteurs\u00a0\u00bb align=\u00a0\u00bbright\u00a0\u00bb src_last_edited=\u00a0\u00bboff|desktop\u00a0\u00bb _builder_version=\u00a0\u00bb4.16&Prime; _module_preset=\u00a0\u00bbdefault\u00a0\u00bb background_color=\u00a0\u00bbrgba(0,0,0,0)\u00a0\u00bb transform_translate_linked=\u00a0\u00bboff\u00a0\u00bb z_index=\u00a0\u00bb100&Prime; width_tablet=\u00a0\u00bb\u00a0\u00bb width_phone=\u00a0\u00bb30%\u00a0\u00bb width_last_edited=\u00a0\u00bbon|phone\u00a0\u00bb custom_margin=\u00a0\u00bb|||2%|false|false\u00a0\u00bb custom_margin_tablet=\u00a0\u00bb||||false|false\u00a0\u00bb custom_margin_phone=\u00a0\u00bb||||false|false\u00a0\u00bb custom_margin_last_edited=\u00a0\u00bboff|phone\u00a0\u00bb custom_padding=\u00a0\u00bb38px||||false|false\u00a0\u00bb animation_style=\u00a0\u00bbslide\u00a0\u00bb animation_direction=\u00a0\u00bbright\u00a0\u00bb custom_css_main_element=\u00a0\u00bbfloat: right;||||\u00a0\u00bb global_colors_info=\u00a0\u00bb{}\u00a0\u00bb src__hover_enabled=\u00a0\u00bboff|hover\u00a0\u00bb][\/et_pb_image][et_pb_text _builder_version=\u00a0\u00bb4.16&Prime; _module_preset=\u00a0\u00bbdefault\u00a0\u00bb text_text_color=\u00a0\u00bb#666666&Prime; ul_font_size=\u00a0\u00bb17px\u00a0\u00bb min_height=\u00a0\u00bb37px\u00a0\u00bb custom_margin=\u00a0\u00bb||1px||false|false\u00a0\u00bb text_font_size_tablet=\u00a0\u00bb14px\u00a0\u00bb text_font_size_phone=\u00a0\u00bb\u00a0\u00bb text_font_size_last_edited=\u00a0\u00bbon|phone\u00a0\u00bb ul_font_size_tablet=\u00a0\u00bb14px\u00a0\u00bb ul_font_size_phone=\u00a0\u00bb\u00a0\u00bb ul_font_size_last_edited=\u00a0\u00bbon|desktop\u00a0\u00bb header_2_font_size_tablet=\u00a0\u00bb\u00a0\u00bb header_2_font_size_phone=\u00a0\u00bb21px\u00a0\u00bb header_2_font_size_last_edited=\u00a0\u00bbon|desktop\u00a0\u00bb global_colors_info=\u00a0\u00bb{}\u00a0\u00bb]<\/p>\n<h2 style=\"text-align: justify;\">QUELS MOYENS ?<\/h2>\n<p>[\/et_pb_text][et_pb_text _builder_version=\u00a0\u00bb4.16&Prime; _module_preset=\u00a0\u00bbdefault\u00a0\u00bb text_text_color=\u00a0\u00bb#666666&Prime; ul_font_size=\u00a0\u00bb17px\u00a0\u00bb min_height=\u00a0\u00bb37px\u00a0\u00bb custom_margin=\u00a0\u00bb||1px||false|false\u00a0\u00bb text_font_size_tablet=\u00a0\u00bb14px\u00a0\u00bb text_font_size_phone=\u00a0\u00bb\u00a0\u00bb text_font_size_last_edited=\u00a0\u00bbon|phone\u00a0\u00bb ul_font_size_tablet=\u00a0\u00bb14px\u00a0\u00bb ul_font_size_phone=\u00a0\u00bb\u00a0\u00bb ul_font_size_last_edited=\u00a0\u00bbon|desktop\u00a0\u00bb header_2_font_size_tablet=\u00a0\u00bb\u00a0\u00bb header_2_font_size_phone=\u00a0\u00bb21px\u00a0\u00bb header_2_font_size_last_edited=\u00a0\u00bbon|desktop\u00a0\u00bb global_colors_info=\u00a0\u00bb{}\u00a0\u00bb]<\/p>\n<h3 style=\"text-align: justify;\">ENTRETIENS INDIVIDUELS<\/h3>\n<p>[\/et_pb_text][et_pb_text _builder_version=\u00a0\u00bb4.18.0&Prime; _module_preset=\u00a0\u00bbdefault\u00a0\u00bb text_text_color=\u00a0\u00bb#666666&Prime; ul_font_size=\u00a0\u00bb17px\u00a0\u00bb min_height=\u00a0\u00bb100px\u00a0\u00bb custom_margin=\u00a0\u00bb||||false|false\u00a0\u00bb text_font_size_tablet=\u00a0\u00bb14px\u00a0\u00bb text_font_size_phone=\u00a0\u00bb\u00a0\u00bb text_font_size_last_edited=\u00a0\u00bbon|phone\u00a0\u00bb ul_font_size_tablet=\u00a0\u00bb14px\u00a0\u00bb ul_font_size_phone=\u00a0\u00bb\u00a0\u00bb ul_font_size_last_edited=\u00a0\u00bbon|desktop\u00a0\u00bb global_colors_info=\u00a0\u00bb{}\u00a0\u00bb]<\/p>\n<p style=\"text-align: justify;\">Les entretiens sont personnalis\u00e9s, sur-mesure, pour que le jeune puisse :<\/p>\n<ul>\n<li>D\u00e9couvrir ses aspirations, ses savoir-faire, ses savoir-\u00eatre, sa personnalit\u00e9, ses motivations, ses forces, ses qualit\u00e9s, ses centres d\u2019int\u00e9r\u00eat, ses valeurs<\/li>\n<li>D\u00e9velopper et valoriser ses potentiels<\/li>\n<li>Explorer sa vie scolaire, son rapport \u00e0 l\u2019apprentissage, son mode de fonctionnement<\/li>\n<li>Confronter, r\u00e9fl\u00e9chir \u00e0 son projet<\/li>\n<li>R\u00e9aliser des enqu\u00eates m\u00e9tiers, explorer des environnements professionnels<\/li>\n<li>Identifier un projet phare et un projet secondaire<\/li>\n<li>Repartir avec une restitution \u00e9crite reprenant les diff\u00e9rentes \u00e9tapes de l\u2019accompagnement et le plan d\u2019action<\/li>\n<\/ul>\n<p style=\"text-align: justify;\">Vous verrez qu\u2019\u00e0 l\u2019issue de ce travail, votre adolescent aura d\u00e9velopp\u00e9 une plus grande confiance en lui et une meilleure estime de lui. L\u2019accompagnement lui aura ouvert les yeux sur son potentiel et ses possibilit\u00e9s. Il se rendra compte qu\u2019il a les moyens de r\u00e9ussir, aura compris ce qui le motive, quel est son moteur et son rapport \u00e0 l\u2019\u00e9cole \u00e9voluera \u00e9galement. Il aura maintenant un but, un objectif et il aura d\u2019autant plus \u00e0 c\u0153ur de l\u2019atteindre qu\u2019il aura \u00e9t\u00e9 partie prenante dans l\u2019\u00e9laboration de ce dernier.<\/p>\n<p style=\"text-align: justify;\"><strong><em>Pour chaque accompagnement, un travail \u00e0 la maison, entre les s\u00e9ances, est parfois n\u00e9cessaire.<\/em><\/strong><\/p>\n<p>[\/et_pb_text][\/et_pb_column][\/et_pb_row][et_pb_row _builder_version=\u00a0\u00bb4.16&Prime; _module_preset=\u00a0\u00bbdefault\u00a0\u00bb custom_margin=\u00a0\u00bb|auto|-30px|auto||\u00a0\u00bb custom_padding=\u00a0\u00bb||0px||false|false\u00a0\u00bb global_colors_info=\u00a0\u00bb{}\u00a0\u00bb][et_pb_column type=\u00a0\u00bb4_4&Prime; _builder_version=\u00a0\u00bb4.16&Prime; _module_preset=\u00a0\u00bbdefault\u00a0\u00bb global_colors_info=\u00a0\u00bb{}\u00a0\u00bb][et_pb_text _builder_version=\u00a0\u00bb4.16&Prime; _module_preset=\u00a0\u00bbdefault\u00a0\u00bb text_text_color=\u00a0\u00bb#666666&Prime; ul_font_size=\u00a0\u00bb17px\u00a0\u00bb min_height=\u00a0\u00bb37px\u00a0\u00bb custom_margin=\u00a0\u00bb||1px||false|false\u00a0\u00bb text_font_size_tablet=\u00a0\u00bb14px\u00a0\u00bb text_font_size_phone=\u00a0\u00bb\u00a0\u00bb text_font_size_last_edited=\u00a0\u00bbon|phone\u00a0\u00bb ul_font_size_tablet=\u00a0\u00bb14px\u00a0\u00bb ul_font_size_phone=\u00a0\u00bb\u00a0\u00bb ul_font_size_last_edited=\u00a0\u00bbon|desktop\u00a0\u00bb header_2_font_size_tablet=\u00a0\u00bb\u00a0\u00bb header_2_font_size_phone=\u00a0\u00bb21px\u00a0\u00bb header_2_font_size_last_edited=\u00a0\u00bbon|desktop\u00a0\u00bb global_colors_info=\u00a0\u00bb{}\u00a0\u00bb]<\/p>\n<h3 style=\"text-align: justify;\">ATELIERS COLLECTIFS<\/h3>\n<p>[\/et_pb_text][et_pb_image src=\u00a0\u00bbhttps:\/\/www.revelateur-de-talents.fr\/wp-content\/uploads\/2020\/08\/Visages-ados.jpg\u00a0\u00bb alt=\u00a0\u00bbBilan d&rsquo;orientation\u00a0\u00bb title_text=\u00a0\u00bbVisages-ados\u00a0\u00bb align=\u00a0\u00bbright\u00a0\u00bb src_last_edited=\u00a0\u00bboff|desktop\u00a0\u00bb _builder_version=\u00a0\u00bb4.16&Prime; _module_preset=\u00a0\u00bbdefault\u00a0\u00bb background_color=\u00a0\u00bbrgba(0,0,0,0)\u00a0\u00bb transform_translate_linked=\u00a0\u00bboff\u00a0\u00bb z_index=\u00a0\u00bb100&Prime; width_phone=\u00a0\u00bb30%\u00a0\u00bb width_last_edited=\u00a0\u00bboff|desktop\u00a0\u00bb max_width_last_edited=\u00a0\u00bboff|desktop\u00a0\u00bb height=\u00a0\u00bb234px\u00a0\u00bb height_tablet=\u00a0\u00bb151px\u00a0\u00bb height_phone=\u00a0\u00bb121px\u00a0\u00bb height_last_edited=\u00a0\u00bbon|phone\u00a0\u00bb custom_margin=\u00a0\u00bb|2%|-1px||false|false\u00a0\u00bb custom_margin_tablet=\u00a0\u00bb||||false|false\u00a0\u00bb custom_margin_phone=\u00a0\u00bb||||false|false\u00a0\u00bb custom_margin_last_edited=\u00a0\u00bboff|phone\u00a0\u00bb custom_padding=\u00a0\u00bb||||false|false\u00a0\u00bb animation_style=\u00a0\u00bbslide\u00a0\u00bb animation_direction=\u00a0\u00bbleft\u00a0\u00bb custom_css_main_element=\u00a0\u00bbfloat: left;||||\u00a0\u00bb global_colors_info=\u00a0\u00bb{}\u00a0\u00bb src__hover_enabled=\u00a0\u00bboff|hover\u00a0\u00bb][\/et_pb_image][et_pb_text _builder_version=\u00a0\u00bb4.16&Prime; _module_preset=\u00a0\u00bbdefault\u00a0\u00bb text_text_color=\u00a0\u00bb#666666&Prime; ul_font_size=\u00a0\u00bb17px\u00a0\u00bb min_height=\u00a0\u00bb110px\u00a0\u00bb custom_margin=\u00a0\u00bb||57px||false|false\u00a0\u00bb custom_padding=\u00a0\u00bb||25px|||\u00a0\u00bb text_font_size_tablet=\u00a0\u00bb14px\u00a0\u00bb text_font_size_phone=\u00a0\u00bb\u00a0\u00bb text_font_size_last_edited=\u00a0\u00bbon|phone\u00a0\u00bb ul_font_size_tablet=\u00a0\u00bb14px\u00a0\u00bb ul_font_size_phone=\u00a0\u00bb\u00a0\u00bb ul_font_size_last_edited=\u00a0\u00bbon|desktop\u00a0\u00bb global_colors_info=\u00a0\u00bb{}\u00a0\u00bb]<\/p>\n<p style=\"text-align: justify;\">Pour les jeunes qui pr\u00e9f\u00e8reraient mener leur r\u00e9flexion en groupe, entre copains, des ateliers collectifs sont propos\u00e9s pendant les vacances scolaires \u00e0 condition de r\u00e9unir au minimum 2 personnes et au maximum 4.<\/p>\n<p style=\"text-align: justify;\">Lors de ces 5 demi-journ\u00e9es, le travail permettra \u00e0 chacun de travailler sur\u00a0son projet \u00e0 travers :<\/p>\n<ul>\n<li>L\u2019Arbre de vie<\/li>\n<li>L\u2019Explorama (outil destin\u00e9 aux professionnels de l\u2019accompagnement qui interviennent dans le champ de l\u2019orientation scolaire)\u00a0: il permet de pr\u00e9ciser et clarifier son projet<\/li>\n<li>Des tests et questionnaires<\/li>\n<\/ul>\n<p style=\"text-align: justify;\">[\/et_pb_text][\/et_pb_column][\/et_pb_row][\/et_pb_section][et_pb_section fb_built=\u00a0\u00bb1&Prime; admin_label=\u00a0\u00bbSection Formules\u00a0\u00bb _builder_version=\u00a0\u00bb4.16&Prime; _module_preset=\u00a0\u00bbdefault\u00a0\u00bb custom_padding=\u00a0\u00bb0px||45px|||\u00a0\u00bb da_disable_devices=\u00a0\u00bboff|off|off\u00a0\u00bb global_colors_info=\u00a0\u00bb{}\u00a0\u00bb da_is_popup=\u00a0\u00bboff\u00a0\u00bb da_exit_intent=\u00a0\u00bboff\u00a0\u00bb da_has_close=\u00a0\u00bbon\u00a0\u00bb da_alt_close=\u00a0\u00bboff\u00a0\u00bb da_dark_close=\u00a0\u00bboff\u00a0\u00bb da_not_modal=\u00a0\u00bbon\u00a0\u00bb da_is_singular=\u00a0\u00bboff\u00a0\u00bb da_with_loader=\u00a0\u00bboff\u00a0\u00bb da_has_shadow=\u00a0\u00bbon\u00a0\u00bb][et_pb_row _builder_version=\u00a0\u00bb4.16&Prime; _module_preset=\u00a0\u00bbdefault\u00a0\u00bb global_colors_info=\u00a0\u00bb{}\u00a0\u00bb][et_pb_column type=\u00a0\u00bb4_4&Prime; _builder_version=\u00a0\u00bb4.16&Prime; _module_preset=\u00a0\u00bbdefault\u00a0\u00bb global_colors_info=\u00a0\u00bb{}\u00a0\u00bb][et_pb_text _builder_version=\u00a0\u00bb4.16&Prime; _module_preset=\u00a0\u00bbdefault\u00a0\u00bb text_text_color=\u00a0\u00bb#666666&Prime; ul_font_size=\u00a0\u00bb17px\u00a0\u00bb text_font_size_tablet=\u00a0\u00bb14px\u00a0\u00bb text_font_size_phone=\u00a0\u00bb\u00a0\u00bb text_font_size_last_edited=\u00a0\u00bbon|phone\u00a0\u00bb ul_font_size_tablet=\u00a0\u00bb14px\u00a0\u00bb ul_font_size_phone=\u00a0\u00bb\u00a0\u00bb ul_font_size_last_edited=\u00a0\u00bbon|desktop\u00a0\u00bb global_colors_info=\u00a0\u00bb{}\u00a0\u00bb]<\/p>\n<h2>FORMULES ET COUTS<\/h2>\n<p>[\/et_pb_text][et_pb_pricing_tables featured_table_header_background_color=\u00a0\u00bb#3c72b8&Prime; featured_table_header_text_color=\u00a0\u00bb#ffffff\u00a0\u00bb header_background_color=\u00a0\u00bb#3c72b8&Prime; show_featured_drop_shadow=\u00a0\u00bboff\u00a0\u00bb _builder_version=\u00a0\u00bb4.22.2&Prime; _module_preset=\u00a0\u00bbdefault\u00a0\u00bb header_font=\u00a0\u00bbLato||||||||\u00a0\u00bb header_font_size=\u00a0\u00bb20px\u00a0\u00bb subheader_font_size=\u00a0\u00bb16px\u00a0\u00bb hover_enabled=\u00a0\u00bb0&Prime; header_font_size_tablet=\u00a0\u00bb18px\u00a0\u00bb header_font_size_phone=\u00a0\u00bb\u00a0\u00bb header_font_size_last_edited=\u00a0\u00bbon|phone\u00a0\u00bb global_colors_info=\u00a0\u00bb{}\u00a0\u00bb sticky_enabled=\u00a0\u00bb0&Prime;][et_pb_pricing_table title=\u00a0\u00bbAccompagnement individuel\u00a0\u00bb subtitle=\u00a0\u00bb7 heures 30&Prime; currency=\u00a0\u00bb\u20ac\u00a0\u00bb sum=\u00a0\u00bb510&Prime; _builder_version=\u00a0\u00bb4.22.2&Prime; _module_preset=\u00a0\u00bbdefault\u00a0\u00bb hover_enabled=\u00a0\u00bb0&Prime; global_colors_info=\u00a0\u00bb{}\u00a0\u00bb sticky_transition=\u00a0\u00bbon\u00a0\u00bb sticky_enabled=\u00a0\u00bb0&Prime;]<\/p>\n<p>5 rendez-vous d&rsquo;1h30<\/p>\n<p>Pr\u00e9voir environ 5 heures de travail personnel<\/p>\n<p>[\/et_pb_pricing_table][et_pb_pricing_table title=\u00a0\u00bbAteliers collectifs\u00a0\u00bb subtitle=\u00a0\u00bb5 demi-journ\u00e9es\u00a0\u00bb currency=\u00a0\u00bb\u20ac\u00a0\u00bb per=\u00a0\u00bbpersonne\u00a0\u00bb sum=\u00a0\u00bb450&Prime; _builder_version=\u00a0\u00bb4.16&Prime; _module_preset=\u00a0\u00bbdefault\u00a0\u00bb global_colors_info=\u00a0\u00bb{}\u00a0\u00bb sticky_transition=\u00a0\u00bbon\u00a0\u00bb]<\/p>\n<p>Sur une semaine<\/p>\n<p>5 demi-journ\u00e9es (soit 15 heures), en matin\u00e9e ou apr\u00e8s-midi en fonction de la demande<\/p>\n<p>[\/et_pb_pricing_table][\/et_pb_pricing_tables][\/et_pb_column][\/et_pb_row][et_pb_row column_structure=\u00a0\u00bb1_2,1_2&Prime; _builder_version=\u00a0\u00bb4.16&Prime; _module_preset=\u00a0\u00bbdefault\u00a0\u00bb global_colors_info=\u00a0\u00bb{}\u00a0\u00bb][et_pb_column type=\u00a0\u00bb1_2&Prime; _builder_version=\u00a0\u00bb4.16&Prime; _module_preset=\u00a0\u00bbdefault\u00a0\u00bb custom_css_main_element=\u00a0\u00bbwidth: 65%!important;\u00a0\u00bb global_colors_info=\u00a0\u00bb{}\u00a0\u00bb][et_pb_text _builder_version=\u00a0\u00bb4.16&Prime; _module_preset=\u00a0\u00bbdefault\u00a0\u00bb text_text_color=\u00a0\u00bb#666666&Prime; ul_font_size=\u00a0\u00bb17px\u00a0\u00bb text_font_size_tablet=\u00a0\u00bb14px\u00a0\u00bb text_font_size_phone=\u00a0\u00bb\u00a0\u00bb text_font_size_last_edited=\u00a0\u00bbon|phone\u00a0\u00bb ul_font_size_tablet=\u00a0\u00bb14px\u00a0\u00bb ul_font_size_phone=\u00a0\u00bb\u00a0\u00bb ul_font_size_last_edited=\u00a0\u00bbon|desktop\u00a0\u00bb global_colors_info=\u00a0\u00bb{}\u00a0\u00bb]<\/p>\n<p><span style=\"text-decoration: underline;\"><strong>Pour les accompagnements individuels, le premier rendez-vous d&rsquo;une heure est gratuit.<\/strong><\/span><\/p>\n<p>[\/et_pb_text][\/et_pb_column][et_pb_column type=\u00a0\u00bb1_2&Prime; _builder_version=\u00a0\u00bb4.16&Prime; _module_preset=\u00a0\u00bbdefault\u00a0\u00bb custom_css_main_element=\u00a0\u00bbwidth: 28%!important;||\u00a0\u00bb global_colors_info=\u00a0\u00bb{}\u00a0\u00bb][et_pb_button button_url=\u00a0\u00bb#rdv1&Prime; button_text=\u00a0\u00bbDemander un rendez-vous\u00a0\u00bb button_alignment=\u00a0\u00bbcenter\u00a0\u00bb _builder_version=\u00a0\u00bb4.16&Prime; _module_preset=\u00a0\u00bbdefault\u00a0\u00bb custom_button=\u00a0\u00bbon\u00a0\u00bb button_text_size=\u00a0\u00bb18px\u00a0\u00bb button_border_width=\u00a0\u00bb2px\u00a0\u00bb button_border_radius=\u00a0\u00bb25px\u00a0\u00bb custom_margin=\u00a0\u00bb||||false|false\u00a0\u00bb custom_padding=\u00a0\u00bb||||false|false\u00a0\u00bb button_text_size_tablet=\u00a0\u00bb14px\u00a0\u00bb button_text_size_phone=\u00a0\u00bb13px\u00a0\u00bb button_text_size_last_edited=\u00a0\u00bbon|tablet\u00a0\u00bb global_colors_info=\u00a0\u00bb{}\u00a0\u00bb button_text_size__hover_enabled=\u00a0\u00bboff|desktop\u00a0\u00bb][\/et_pb_button][\/et_pb_column][\/et_pb_row][\/et_pb_section][et_pb_section fb_built=\u00a0\u00bb1&Prime; prev_background_color=\u00a0\u00bb#ffffff\u00a0\u00bb next_background_color=\u00a0\u00bb#ffffff\u00a0\u00bb admin_label=\u00a0\u00bbSection CTA\u00a0\u00bb _builder_version=\u00a0\u00bb4.16&Prime; _module_preset=\u00a0\u00bbdefault\u00a0\u00bb background_color=\u00a0\u00bb#cce7f9&Prime; custom_padding=\u00a0\u00bb40px||0px||false|false\u00a0\u00bb top_divider_style=\u00a0\u00bbwave\u00a0\u00bb top_divider_height_tablet=\u00a0\u00bb\u00a0\u00bb top_divider_height_phone=\u00a0\u00bb70px\u00a0\u00bb top_divider_height_last_edited=\u00a0\u00bbon|phone\u00a0\u00bb bottom_divider_style=\u00a0\u00bbnone\u00a0\u00bb bottom_divider_height_tablet=\u00a0\u00bb\u00a0\u00bb bottom_divider_height_phone=\u00a0\u00bb50px\u00a0\u00bb bottom_divider_height_last_edited=\u00a0\u00bbon|phone\u00a0\u00bb da_disable_devices=\u00a0\u00bboff|off|off\u00a0\u00bb global_colors_info=\u00a0\u00bb{}\u00a0\u00bb da_is_popup=\u00a0\u00bboff\u00a0\u00bb da_exit_intent=\u00a0\u00bboff\u00a0\u00bb da_has_close=\u00a0\u00bbon\u00a0\u00bb da_alt_close=\u00a0\u00bboff\u00a0\u00bb da_dark_close=\u00a0\u00bboff\u00a0\u00bb da_not_modal=\u00a0\u00bbon\u00a0\u00bb da_is_singular=\u00a0\u00bboff\u00a0\u00bb da_with_loader=\u00a0\u00bboff\u00a0\u00bb da_has_shadow=\u00a0\u00bbon\u00a0\u00bb][et_pb_row _builder_version=\u00a0\u00bb4.16&Prime; _module_preset=\u00a0\u00bbdefault\u00a0\u00bb custom_padding=\u00a0\u00bb||2px|||\u00a0\u00bb global_colors_info=\u00a0\u00bb{}\u00a0\u00bb][et_pb_column type=\u00a0\u00bb4_4&Prime; _builder_version=\u00a0\u00bb4.16&Prime; _module_preset=\u00a0\u00bbdefault\u00a0\u00bb global_colors_info=\u00a0\u00bb{}\u00a0\u00bb][et_pb_cta title=\u00a0\u00bbENVIE D&rsquo;ALLER PLUS LOIN ?\u00a0\u00bb button_url=\u00a0\u00bb#contact\u00a0\u00bb button_text=\u00a0\u00bbME CONTACTER\u00a0\u00bb _builder_version=\u00a0\u00bb4.16&Prime; _module_preset=\u00a0\u00bbdefault\u00a0\u00bb header_level=\u00a0\u00bbh1&Prime; background_color=\u00a0\u00bb#3c72b8&Prime; use_background_color_gradient=\u00a0\u00bbon\u00a0\u00bb background_color_gradient_stops=\u00a0\u00bb#3c72b8 0%|#4ebae8 100%\u00a0\u00bb background_color_gradient_start=\u00a0\u00bb#3c72b8&Prime; background_color_gradient_end=\u00a0\u00bb#4ebae8&Prime; custom_button=\u00a0\u00bbon\u00a0\u00bb button_border_radius=\u00a0\u00bb34px\u00a0\u00bb width=\u00a0\u00bb100%\u00a0\u00bb custom_margin=\u00a0\u00bb||37px|||\u00a0\u00bb custom_padding=\u00a0\u00bb|10%||10%|false|false\u00a0\u00bb custom_padding_tablet=\u00a0\u00bb|5%||5%|false|false\u00a0\u00bb custom_padding_phone=\u00a0\u00bb\u00a0\u00bb custom_padding_last_edited=\u00a0\u00bbon|phone\u00a0\u00bb animation_style=\u00a0\u00bbzoom\u00a0\u00bb header_font_last_edited=\u00a0\u00bboff|phone\u00a0\u00bb header_font_size_tablet=\u00a0\u00bb\u00a0\u00bb header_font_size_phone=\u00a0\u00bb23px\u00a0\u00bb header_font_size_last_edited=\u00a0\u00bbon|phone\u00a0\u00bb border_radii=\u00a0\u00bbon|18px|18px|18px|18px\u00a0\u00bb box_shadow_style=\u00a0\u00bbpreset2&Prime; global_colors_info=\u00a0\u00bb{}\u00a0\u00bb]<\/p>\n<p>Vous souhaitez d\u00e9buter un accompagnement, avoir des renseignements suppl\u00e9mentaires ou vous avez des questions sur cet\u00a0 accompagnement ?<\/p>\n<p>[\/et_pb_cta][\/et_pb_column][\/et_pb_row][\/et_pb_section][et_pb_section fb_built=\u00a0\u00bb1&Prime; admin_label=\u00a0\u00bbContact\u00a0\u00bb module_id=\u00a0\u00bbcontact\u00a0\u00bb module_class=\u00a0\u00bbpopup close-alt\u00a0\u00bb _builder_version=\u00a0\u00bb4.16&Prime; _module_preset=\u00a0\u00bbdefault\u00a0\u00bb background_color=\u00a0\u00bb#ffffff\u00a0\u00bb max_width=\u00a0\u00bb70%\u00a0\u00bb max_width_tablet=\u00a0\u00bb90%\u00a0\u00bb max_width_phone=\u00a0\u00bb100%\u00a0\u00bb max_width_last_edited=\u00a0\u00bbon|phone\u00a0\u00bb module_alignment=\u00a0\u00bbcenter\u00a0\u00bb custom_padding=\u00a0\u00bb16px||0px||false|false\u00a0\u00bb top_divider_color=\u00a0\u00bb#ffffff\u00a0\u00bb animation_style=\u00a0\u00bbzoom\u00a0\u00bb da_is_popup=\u00a0\u00bbon\u00a0\u00bb da_popup_slug=\u00a0\u00bbcontact\u00a0\u00bb da_alt_close=\u00a0\u00bbon\u00a0\u00bb da_disable_devices=\u00a0\u00bboff|off|off\u00a0\u00bb border_radii=\u00a0\u00bbon|7px|7px|7px|7px\u00a0\u00bb box_shadow_style=\u00a0\u00bbpreset3&Prime; global_colors_info=\u00a0\u00bb{}\u00a0\u00bb da_exit_intent=\u00a0\u00bboff\u00a0\u00bb da_has_close=\u00a0\u00bbon\u00a0\u00bb da_dark_close=\u00a0\u00bboff\u00a0\u00bb da_not_modal=\u00a0\u00bbon\u00a0\u00bb da_is_singular=\u00a0\u00bboff\u00a0\u00bb da_with_loader=\u00a0\u00bboff\u00a0\u00bb da_has_shadow=\u00a0\u00bbon\u00a0\u00bb][et_pb_row _builder_version=\u00a0\u00bb4.16&Prime; _module_preset=\u00a0\u00bbdefault\u00a0\u00bb width=\u00a0\u00bb90%\u00a0\u00bb max_width=\u00a0\u00bb100%\u00a0\u00bb custom_padding=\u00a0\u00bb11px|||||\u00a0\u00bb global_colors_info=\u00a0\u00bb{}\u00a0\u00bb][et_pb_column type=\u00a0\u00bb4_4&Prime; _builder_version=\u00a0\u00bb4.16&Prime; _module_preset=\u00a0\u00bbdefault\u00a0\u00bb global_colors_info=\u00a0\u00bb{}\u00a0\u00bb][et_pb_contact_form captcha=\u00a0\u00bboff\u00a0\u00bb email=\u00a0\u00bbserge@revelateur-de-talents.fr, sophie@revelateur-de-talents.fr\u00a0\u00bb title=\u00a0\u00bbDEMANDE DE CONTACT\u00a0\u00bb custom_message=\u00a0\u00bbDemande de contact pour le bilan d&rsquo;orientation :||et_pb_line_break_holder||||et_pb_line_break_holder||- Nom : %%name%%||et_pb_line_break_holder||- Email : %%Email%%||et_pb_line_break_holder||- T\u00e9l\u00e9phone : %%Telephone%%||et_pb_line_break_holder||||et_pb_line_break_holder||Message :||et_pb_line_break_holder||%%Message%%||et_pb_line_break_holder||||et_pb_line_break_holder||(c) Cabinet R\u00e9v\u00e9lateur de talents.||et_pb_line_break_holder||\u00a0\u00bb success_message=\u00a0\u00bbJe vous remercie pour votre message. Je vous r\u00e9ponds dans les meilleurs d\u00e9lais. Sans r\u00e9ponse de ma part sous 48 heures, merci de me joindre directement au 06.40.52.98.08.\u00a0\u00bb submit_button_text=\u00a0\u00bbEnvoyer la demande\u00a0\u00bb _builder_version=\u00a0\u00bb4.18.0&Prime; _module_preset=\u00a0\u00bbdefault\u00a0\u00bb _unique_id=\u00a0\u00bb17fa7dd6-3c61-46bc-b12d-e3d4e983000d\u00a0\u00bb custom_button=\u00a0\u00bbon\u00a0\u00bb button_border_radius=\u00a0\u00bb25px\u00a0\u00bb button_custom_margin=\u00a0\u00bb10px||||false|false\u00a0\u00bb global_colors_info=\u00a0\u00bb{}\u00a0\u00bb][et_pb_contact_field field_id=\u00a0\u00bbName\u00a0\u00bb field_title=\u00a0\u00bbVotre Nom*\u00a0\u00bb _builder_version=\u00a0\u00bb4.16&Prime; form_field_text_align=\u00a0\u00bbleft\u00a0\u00bb max_width=\u00a0\u00bb100%\u00a0\u00bb global_colors_info=\u00a0\u00bb{}\u00a0\u00bb button_text_size__hover_enabled=\u00a0\u00bboff\u00a0\u00bb button_one_text_size__hover_enabled=\u00a0\u00bboff\u00a0\u00bb button_two_text_size__hover_enabled=\u00a0\u00bboff\u00a0\u00bb button_text_color__hover_enabled=\u00a0\u00bboff\u00a0\u00bb button_one_text_color__hover_enabled=\u00a0\u00bboff\u00a0\u00bb button_two_text_color__hover_enabled=\u00a0\u00bboff\u00a0\u00bb button_border_width__hover_enabled=\u00a0\u00bboff\u00a0\u00bb button_one_border_width__hover_enabled=\u00a0\u00bboff\u00a0\u00bb button_two_border_width__hover_enabled=\u00a0\u00bboff\u00a0\u00bb button_border_color__hover_enabled=\u00a0\u00bboff\u00a0\u00bb button_one_border_color__hover_enabled=\u00a0\u00bboff\u00a0\u00bb button_two_border_color__hover_enabled=\u00a0\u00bboff\u00a0\u00bb button_border_radius__hover_enabled=\u00a0\u00bboff\u00a0\u00bb button_one_border_radius__hover_enabled=\u00a0\u00bboff\u00a0\u00bb button_two_border_radius__hover_enabled=\u00a0\u00bboff\u00a0\u00bb button_letter_spacing__hover_enabled=\u00a0\u00bboff\u00a0\u00bb button_one_letter_spacing__hover_enabled=\u00a0\u00bboff\u00a0\u00bb button_two_letter_spacing__hover_enabled=\u00a0\u00bboff\u00a0\u00bb button_bg_color__hover_enabled=\u00a0\u00bboff\u00a0\u00bb button_one_bg_color__hover_enabled=\u00a0\u00bboff\u00a0\u00bb button_two_bg_color__hover_enabled=\u00a0\u00bboff\u00a0\u00bb][\/et_pb_contact_field][et_pb_contact_field field_id=\u00a0\u00bbEmail\u00a0\u00bb field_title=\u00a0\u00bbVotre adresse e-mail*\u00a0\u00bb field_type=\u00a0\u00bbemail\u00a0\u00bb _builder_version=\u00a0\u00bb4.16&Prime; global_colors_info=\u00a0\u00bb{}\u00a0\u00bb button_text_size__hover_enabled=\u00a0\u00bboff\u00a0\u00bb button_one_text_size__hover_enabled=\u00a0\u00bboff\u00a0\u00bb button_two_text_size__hover_enabled=\u00a0\u00bboff\u00a0\u00bb button_text_color__hover_enabled=\u00a0\u00bboff\u00a0\u00bb button_one_text_color__hover_enabled=\u00a0\u00bboff\u00a0\u00bb button_two_text_color__hover_enabled=\u00a0\u00bboff\u00a0\u00bb button_border_width__hover_enabled=\u00a0\u00bboff\u00a0\u00bb button_one_border_width__hover_enabled=\u00a0\u00bboff\u00a0\u00bb button_two_border_width__hover_enabled=\u00a0\u00bboff\u00a0\u00bb button_border_color__hover_enabled=\u00a0\u00bboff\u00a0\u00bb button_one_border_color__hover_enabled=\u00a0\u00bboff\u00a0\u00bb button_two_border_color__hover_enabled=\u00a0\u00bboff\u00a0\u00bb button_border_radius__hover_enabled=\u00a0\u00bboff\u00a0\u00bb button_one_border_radius__hover_enabled=\u00a0\u00bboff\u00a0\u00bb button_two_border_radius__hover_enabled=\u00a0\u00bboff\u00a0\u00bb button_letter_spacing__hover_enabled=\u00a0\u00bboff\u00a0\u00bb button_one_letter_spacing__hover_enabled=\u00a0\u00bboff\u00a0\u00bb button_two_letter_spacing__hover_enabled=\u00a0\u00bboff\u00a0\u00bb button_bg_color__hover_enabled=\u00a0\u00bboff\u00a0\u00bb button_one_bg_color__hover_enabled=\u00a0\u00bboff\u00a0\u00bb button_two_bg_color__hover_enabled=\u00a0\u00bboff\u00a0\u00bb][\/et_pb_contact_field][et_pb_contact_field field_id=\u00a0\u00bbTelephone\u00a0\u00bb field_title=\u00a0\u00bbVotre num\u00e9ro de t\u00e9l\u00e9phone\u00a0\u00bb required_mark=\u00a0\u00bboff\u00a0\u00bb _builder_version=\u00a0\u00bb4.16&Prime; _module_preset=\u00a0\u00bbdefault\u00a0\u00bb global_colors_info=\u00a0\u00bb{}\u00a0\u00bb][\/et_pb_contact_field][et_pb_contact_field field_id=\u00a0\u00bbMessage\u00a0\u00bb field_title=\u00a0\u00bbVotre message ou votre question ici\u00a0\u00bb field_type=\u00a0\u00bbtext\u00a0\u00bb required_mark=\u00a0\u00bboff\u00a0\u00bb fullwidth_field=\u00a0\u00bbon\u00a0\u00bb _builder_version=\u00a0\u00bb4.16&Prime; global_colors_info=\u00a0\u00bb{}\u00a0\u00bb button_text_size__hover_enabled=\u00a0\u00bboff\u00a0\u00bb button_one_text_size__hover_enabled=\u00a0\u00bboff\u00a0\u00bb button_two_text_size__hover_enabled=\u00a0\u00bboff\u00a0\u00bb button_text_color__hover_enabled=\u00a0\u00bboff\u00a0\u00bb button_one_text_color__hover_enabled=\u00a0\u00bboff\u00a0\u00bb button_two_text_color__hover_enabled=\u00a0\u00bboff\u00a0\u00bb button_border_width__hover_enabled=\u00a0\u00bboff\u00a0\u00bb button_one_border_width__hover_enabled=\u00a0\u00bboff\u00a0\u00bb button_two_border_width__hover_enabled=\u00a0\u00bboff\u00a0\u00bb button_border_color__hover_enabled=\u00a0\u00bboff\u00a0\u00bb button_one_border_color__hover_enabled=\u00a0\u00bboff\u00a0\u00bb button_two_border_color__hover_enabled=\u00a0\u00bboff\u00a0\u00bb button_border_radius__hover_enabled=\u00a0\u00bboff\u00a0\u00bb button_one_border_radius__hover_enabled=\u00a0\u00bboff\u00a0\u00bb button_two_border_radius__hover_enabled=\u00a0\u00bboff\u00a0\u00bb button_letter_spacing__hover_enabled=\u00a0\u00bboff\u00a0\u00bb button_one_letter_spacing__hover_enabled=\u00a0\u00bboff\u00a0\u00bb button_two_letter_spacing__hover_enabled=\u00a0\u00bboff\u00a0\u00bb button_bg_color__hover_enabled=\u00a0\u00bboff\u00a0\u00bb button_one_bg_color__hover_enabled=\u00a0\u00bboff\u00a0\u00bb button_two_bg_color__hover_enabled=\u00a0\u00bboff\u00a0\u00bb][\/et_pb_contact_field][et_pb_contact_field field_id=\u00a0\u00bbConf\u00a0\u00bb field_title=\u00a0\u00bb  \u00a0\u00bb field_type=\u00a0\u00bbcheckbox\u00a0\u00bb checkbox_options=\u00a0\u00bb%91{%22value%22:%22En renseignant les \u00e9l\u00e9ments ci-dessus, vous reconnaissez avoir pris connaissance et accept\u00e9 notre %22,%22checked%22:0,%22dragID%22:-1,%22link_url%22:%22http:\/\/www.revelateur-de-talents.fr\/index.php\/mentions\/%22,%22link_text%22:%22politique de confidentialit\u00e9%22}%93&Prime; fullwidth_field=\u00a0\u00bbon\u00a0\u00bb _builder_version=\u00a0\u00bb4.16&Prime; _module_preset=\u00a0\u00bbdefault\u00a0\u00bb global_colors_info=\u00a0\u00bb{}\u00a0\u00bb][\/et_pb_contact_field][\/et_pb_contact_form][\/et_pb_column][\/et_pb_row][\/et_pb_section][et_pb_section fb_built=\u00a0\u00bb1&Prime; admin_label=\u00a0\u00bbrdv1&Prime; module_id=\u00a0\u00bbrdv1&Prime; module_class=\u00a0\u00bbpopup close-alt\u00a0\u00bb _builder_version=\u00a0\u00bb4.16&Prime; _module_preset=\u00a0\u00bbdefault\u00a0\u00bb background_color=\u00a0\u00bb#ffffff\u00a0\u00bb max_width=\u00a0\u00bb70%\u00a0\u00bb max_width_tablet=\u00a0\u00bb90%\u00a0\u00bb max_width_phone=\u00a0\u00bb100%\u00a0\u00bb max_width_last_edited=\u00a0\u00bbon|phone\u00a0\u00bb module_alignment=\u00a0\u00bbcenter\u00a0\u00bb custom_padding=\u00a0\u00bb16px||0px||false|false\u00a0\u00bb top_divider_color=\u00a0\u00bb#ffffff\u00a0\u00bb animation_style=\u00a0\u00bbzoom\u00a0\u00bb da_is_popup=\u00a0\u00bbon\u00a0\u00bb da_popup_slug=\u00a0\u00bbrdv1&Prime; da_alt_close=\u00a0\u00bbon\u00a0\u00bb da_disable_devices=\u00a0\u00bboff|off|off\u00a0\u00bb border_radii=\u00a0\u00bbon|7px|7px|7px|7px\u00a0\u00bb box_shadow_style=\u00a0\u00bbpreset3&Prime; global_colors_info=\u00a0\u00bb{}\u00a0\u00bb da_exit_intent=\u00a0\u00bboff\u00a0\u00bb da_has_close=\u00a0\u00bbon\u00a0\u00bb da_dark_close=\u00a0\u00bboff\u00a0\u00bb da_not_modal=\u00a0\u00bbon\u00a0\u00bb da_is_singular=\u00a0\u00bboff\u00a0\u00bb da_with_loader=\u00a0\u00bboff\u00a0\u00bb da_has_shadow=\u00a0\u00bbon\u00a0\u00bb][et_pb_row _builder_version=\u00a0\u00bb4.16&Prime; _module_preset=\u00a0\u00bbdefault\u00a0\u00bb width=\u00a0\u00bb90%\u00a0\u00bb max_width=\u00a0\u00bb100%\u00a0\u00bb custom_padding=\u00a0\u00bb11px|||||\u00a0\u00bb global_colors_info=\u00a0\u00bb{}\u00a0\u00bb][et_pb_column type=\u00a0\u00bb4_4&Prime; _builder_version=\u00a0\u00bb4.16&Prime; _module_preset=\u00a0\u00bbdefault\u00a0\u00bb global_colors_info=\u00a0\u00bb{}\u00a0\u00bb][et_pb_text _builder_version=\u00a0\u00bb4.16&Prime; _module_preset=\u00a0\u00bbdefault\u00a0\u00bb global_colors_info=\u00a0\u00bb{}\u00a0\u00bb]<\/p>\n<h2>DEMANDE DE PREMIER RENDEZ-VOUS<\/h2>\n<p>Merci de me laisser vos coordonn\u00e9es (nom, mail et n\u00b0 de t\u00e9l\u00e9phone) ci-dessous afin que je vous rappelle pour convenir d&rsquo;une date. Un message compl\u00e9mentaire est aussi \u00e0 votre disposition si vous le souhaitez.<\/p>\n<p>[\/et_pb_text][et_pb_contact_form captcha=\u00a0\u00bboff\u00a0\u00bb email=\u00a0\u00bbserge@revelateur-de-talents.fr, sophie@revelateur-de-talents.fr\u00a0\u00bb custom_message=\u00a0\u00bbDemande de 1er rendez-vous pour le bilan d&rsquo;orientation :||et_pb_line_break_holder||- Nom : %%name%%||et_pb_line_break_holder||- Email : %%Email%%||et_pb_line_break_holder||- T\u00e9l\u00e9phone : %%Telephone%%||et_pb_line_break_holder||||et_pb_line_break_holder||Message :||et_pb_line_break_holder||%%Message%%||et_pb_line_break_holder||||et_pb_line_break_holder||(c) Cabinet R\u00e9v\u00e9lateur de talents.||et_pb_line_break_holder||\u00a0\u00bb success_message=\u00a0\u00bbJe vous remercie pour votre message. Je vous recontacte dans les meilleurs d\u00e9lais pour fixer une date. Sans r\u00e9ponse de ma part sous 48 heures, merci de me joindre directement au 06.40.52.98.08.\u00a0\u00bb submit_button_text=\u00a0\u00bbEnvoyer\u00a0\u00bb _builder_version=\u00a0\u00bb4.18.0&Prime; _module_preset=\u00a0\u00bbdefault\u00a0\u00bb _unique_id=\u00a0\u00bbf0bc09fa-ae98-4175-b0a2-cf495cb53a00&Prime; custom_button=\u00a0\u00bbon\u00a0\u00bb button_border_radius=\u00a0\u00bb25px\u00a0\u00bb button_custom_margin=\u00a0\u00bb10px||||false|false\u00a0\u00bb global_colors_info=\u00a0\u00bb{}\u00a0\u00bb][et_pb_contact_field field_id=\u00a0\u00bbName\u00a0\u00bb field_title=\u00a0\u00bbVotre Nom*\u00a0\u00bb _builder_version=\u00a0\u00bb4.16&Prime; form_field_text_align=\u00a0\u00bbleft\u00a0\u00bb max_width=\u00a0\u00bb100%\u00a0\u00bb global_colors_info=\u00a0\u00bb{}\u00a0\u00bb button_text_size__hover_enabled=\u00a0\u00bboff\u00a0\u00bb button_one_text_size__hover_enabled=\u00a0\u00bboff\u00a0\u00bb button_two_text_size__hover_enabled=\u00a0\u00bboff\u00a0\u00bb button_text_color__hover_enabled=\u00a0\u00bboff\u00a0\u00bb button_one_text_color__hover_enabled=\u00a0\u00bboff\u00a0\u00bb button_two_text_color__hover_enabled=\u00a0\u00bboff\u00a0\u00bb button_border_width__hover_enabled=\u00a0\u00bboff\u00a0\u00bb button_one_border_width__hover_enabled=\u00a0\u00bboff\u00a0\u00bb button_two_border_width__hover_enabled=\u00a0\u00bboff\u00a0\u00bb button_border_color__hover_enabled=\u00a0\u00bboff\u00a0\u00bb button_one_border_color__hover_enabled=\u00a0\u00bboff\u00a0\u00bb button_two_border_color__hover_enabled=\u00a0\u00bboff\u00a0\u00bb button_border_radius__hover_enabled=\u00a0\u00bboff\u00a0\u00bb button_one_border_radius__hover_enabled=\u00a0\u00bboff\u00a0\u00bb button_two_border_radius__hover_enabled=\u00a0\u00bboff\u00a0\u00bb button_letter_spacing__hover_enabled=\u00a0\u00bboff\u00a0\u00bb button_one_letter_spacing__hover_enabled=\u00a0\u00bboff\u00a0\u00bb button_two_letter_spacing__hover_enabled=\u00a0\u00bboff\u00a0\u00bb button_bg_color__hover_enabled=\u00a0\u00bboff\u00a0\u00bb button_one_bg_color__hover_enabled=\u00a0\u00bboff\u00a0\u00bb button_two_bg_color__hover_enabled=\u00a0\u00bboff\u00a0\u00bb][\/et_pb_contact_field][et_pb_contact_field field_id=\u00a0\u00bbEmail\u00a0\u00bb field_title=\u00a0\u00bbVotre adresse e-mail*\u00a0\u00bb field_type=\u00a0\u00bbemail\u00a0\u00bb _builder_version=\u00a0\u00bb4.16&Prime; global_colors_info=\u00a0\u00bb{}\u00a0\u00bb button_text_size__hover_enabled=\u00a0\u00bboff\u00a0\u00bb button_one_text_size__hover_enabled=\u00a0\u00bboff\u00a0\u00bb button_two_text_size__hover_enabled=\u00a0\u00bboff\u00a0\u00bb button_text_color__hover_enabled=\u00a0\u00bboff\u00a0\u00bb button_one_text_color__hover_enabled=\u00a0\u00bboff\u00a0\u00bb button_two_text_color__hover_enabled=\u00a0\u00bboff\u00a0\u00bb button_border_width__hover_enabled=\u00a0\u00bboff\u00a0\u00bb button_one_border_width__hover_enabled=\u00a0\u00bboff\u00a0\u00bb button_two_border_width__hover_enabled=\u00a0\u00bboff\u00a0\u00bb button_border_color__hover_enabled=\u00a0\u00bboff\u00a0\u00bb button_one_border_color__hover_enabled=\u00a0\u00bboff\u00a0\u00bb button_two_border_color__hover_enabled=\u00a0\u00bboff\u00a0\u00bb button_border_radius__hover_enabled=\u00a0\u00bboff\u00a0\u00bb button_one_border_radius__hover_enabled=\u00a0\u00bboff\u00a0\u00bb button_two_border_radius__hover_enabled=\u00a0\u00bboff\u00a0\u00bb button_letter_spacing__hover_enabled=\u00a0\u00bboff\u00a0\u00bb button_one_letter_spacing__hover_enabled=\u00a0\u00bboff\u00a0\u00bb button_two_letter_spacing__hover_enabled=\u00a0\u00bboff\u00a0\u00bb button_bg_color__hover_enabled=\u00a0\u00bboff\u00a0\u00bb button_one_bg_color__hover_enabled=\u00a0\u00bboff\u00a0\u00bb button_two_bg_color__hover_enabled=\u00a0\u00bboff\u00a0\u00bb][\/et_pb_contact_field][et_pb_contact_field field_id=\u00a0\u00bbTelephone\u00a0\u00bb field_title=\u00a0\u00bbVotre num\u00e9ro de t\u00e9l\u00e9phone*\u00a0\u00bb _builder_version=\u00a0\u00bb4.16&Prime; _module_preset=\u00a0\u00bbdefault\u00a0\u00bb global_colors_info=\u00a0\u00bb{}\u00a0\u00bb][\/et_pb_contact_field][et_pb_contact_field field_id=\u00a0\u00bbMessage\u00a0\u00bb field_title=\u00a0\u00bbVotre message ici\u00a0\u00bb field_type=\u00a0\u00bbtext\u00a0\u00bb required_mark=\u00a0\u00bboff\u00a0\u00bb fullwidth_field=\u00a0\u00bbon\u00a0\u00bb _builder_version=\u00a0\u00bb4.16&Prime; global_colors_info=\u00a0\u00bb{}\u00a0\u00bb button_text_size__hover_enabled=\u00a0\u00bboff\u00a0\u00bb button_one_text_size__hover_enabled=\u00a0\u00bboff\u00a0\u00bb button_two_text_size__hover_enabled=\u00a0\u00bboff\u00a0\u00bb button_text_color__hover_enabled=\u00a0\u00bboff\u00a0\u00bb button_one_text_color__hover_enabled=\u00a0\u00bboff\u00a0\u00bb button_two_text_color__hover_enabled=\u00a0\u00bboff\u00a0\u00bb button_border_width__hover_enabled=\u00a0\u00bboff\u00a0\u00bb button_one_border_width__hover_enabled=\u00a0\u00bboff\u00a0\u00bb button_two_border_width__hover_enabled=\u00a0\u00bboff\u00a0\u00bb button_border_color__hover_enabled=\u00a0\u00bboff\u00a0\u00bb button_one_border_color__hover_enabled=\u00a0\u00bboff\u00a0\u00bb button_two_border_color__hover_enabled=\u00a0\u00bboff\u00a0\u00bb button_border_radius__hover_enabled=\u00a0\u00bboff\u00a0\u00bb button_one_border_radius__hover_enabled=\u00a0\u00bboff\u00a0\u00bb button_two_border_radius__hover_enabled=\u00a0\u00bboff\u00a0\u00bb button_letter_spacing__hover_enabled=\u00a0\u00bboff\u00a0\u00bb button_one_letter_spacing__hover_enabled=\u00a0\u00bboff\u00a0\u00bb button_two_letter_spacing__hover_enabled=\u00a0\u00bboff\u00a0\u00bb button_bg_color__hover_enabled=\u00a0\u00bboff\u00a0\u00bb button_one_bg_color__hover_enabled=\u00a0\u00bboff\u00a0\u00bb button_two_bg_color__hover_enabled=\u00a0\u00bboff\u00a0\u00bb][\/et_pb_contact_field][et_pb_contact_field field_id=\u00a0\u00bbConf\u00a0\u00bb field_title=\u00a0\u00bb  \u00a0\u00bb field_type=\u00a0\u00bbcheckbox\u00a0\u00bb checkbox_options=\u00a0\u00bb%91{%22value%22:%22En renseignant les \u00e9l\u00e9ments ci-dessus, vous reconnaissez avoir pris connaissance et accept\u00e9 notre %22,%22checked%22:0,%22dragID%22:-1,%22link_url%22:%22http:\/\/www.revelateur-de-talents.fr\/index.php\/mentions\/%22,%22link_text%22:%22politique de confidentialit\u00e9%22}%93&Prime; fullwidth_field=\u00a0\u00bbon\u00a0\u00bb _builder_version=\u00a0\u00bb4.16&Prime; _module_preset=\u00a0\u00bbdefault\u00a0\u00bb global_colors_info=\u00a0\u00bb{}\u00a0\u00bb][\/et_pb_contact_field][\/et_pb_contact_form][\/et_pb_column][\/et_pb_row][\/et_pb_section]<\/p>\n<span class=\"et_bloom_bottom_trigger\"><\/span>","protected":false},"excerpt":{"rendered":"<p>LE BILAN D&rsquo;ORIENTATION Le bilan d\u2019orientation est un accompagnement personnalis\u00e9 qui permet au jeune de travailler sur lui gr\u00e2ce \u00e0 diff\u00e9rents outils (tests, questionnaires, entretiens, etc.) et \u00e0 une m\u00e9thodologie bien rod\u00e9e afin qu\u2019il puisse b\u00e2tir son projet, choisir son orientation sur des bases solides, \u00e9clairantes et motivantes.POUR QUI ? Coll\u00e9giens Lyc\u00e9ens Etudiants Jeunes en [&hellip;]<\/p>\n","protected":false},"author":1,"featured_media":0,"parent":0,"menu_order":0,"comment_status":"closed","ping_status":"closed","template":"","meta":{"_et_pb_use_builder":"on","_et_pb_old_content":"","_et_gb_content_width":"","footnotes":""},"class_list":["post-373","page","type-page","status-publish","hentry"],"_links":{"self":[{"href":"https:\/\/www.revelateur-de-talents.fr\/index.php\/wp-json\/wp\/v2\/pages\/373","targetHints":{"allow":["GET"]}}],"collection":[{"href":"https:\/\/www.revelateur-de-talents.fr\/index.php\/wp-json\/wp\/v2\/pages"}],"about":[{"href":"https:\/\/www.revelateur-de-talents.fr\/index.php\/wp-json\/wp\/v2\/types\/page"}],"author":[{"embeddable":true,"href":"https:\/\/www.revelateur-de-talents.fr\/index.php\/wp-json\/wp\/v2\/users\/1"}],"replies":[{"embeddable":true,"href":"https:\/\/www.revelateur-de-talents.fr\/index.php\/wp-json\/wp\/v2\/comments?post=373"}],"version-history":[{"count":45,"href":"https:\/\/www.revelateur-de-talents.fr\/index.php\/wp-json\/wp\/v2\/pages\/373\/revisions"}],"predecessor-version":[{"id":2623,"href":"https:\/\/www.revelateur-de-talents.fr\/index.php\/wp-json\/wp\/v2\/pages\/373\/revisions\/2623"}],"wp:attachment":[{"href":"https:\/\/www.revelateur-de-talents.fr\/index.php\/wp-json\/wp\/v2\/media?parent=373"}],"curies":[{"name":"wp","href":"https:\/\/api.w.org\/{rel}","templated":true}]}}